{"id":633,"date":"2024-05-16T23:00:48","date_gmt":"2024-05-16T21:00:48","guid":{"rendered":"https:\/\/www.gesundheitskollektiv-goettingen.org\/?page_id=633"},"modified":"2026-04-11T15:00:30","modified_gmt":"2026-04-11T13:00:30","slug":"veranstaltungen","status":"publish","type":"page","link":"https:\/\/www.gesundheitskollektiv-goettingen.org\/?page_id=633","title":{"rendered":"Bisherige Veranstaltungen"},"content":{"rendered":"<h4>Poliklinik &#8211; neue Gesundheitsversorgung f\u00fcr alle(s)<\/h4>\n<h6>Almut Schilling, Amanita Dietrich; Moderation: Rosina Rost (FAG\u00f6)<\/h6>\n<h4>17.02.2025 | 18-19:30 Uhr<\/h4>\n<h6>Wir bitten um einen Solidarit\u00e4tsbeitrag von 5 &#8211; 20 EUR. Vielen Dank!<\/h6>\n<p>Das G\u00f6ttinger Gesundheitskollektiv untersucht, wie Polikliniken komplexe bio-psychosoziale Gesundheitsfragen in solidarischer Praxis angehen. Es werden konkrete Ans\u00e4tze sowie m\u00f6gliche alternative Organisationsformen und Tr\u00e4gerschaften vorgestellt. Darauf aufbauend wird die Idee einer bundesweiten Vernetzung im Poliklinik-Syndikat diskutiert.<\/p>\n<p>Wo?<\/p>\n<p>FAG\u00f6 e.V. | Am Goldgraben 14 | 37073 G\u00f6ttingen<\/p>\n<h3>Warum Armut krank macht und Krankheit arm<\/h3>\n<h6>Prof. Dr. Gerhard Trabert, Europakandidat der Linken<\/h6>\n<h5 style=\"caret-color: rgb(0, 0, 0); color: rgb(0, 0, 0);\">25.05.2024 | 19:00 Uhr<\/h5>\n<p><strong>ACHTUNG: Die Veranstaltung f\u00e4llt aus gesundheitlichen Gr\u00fcnden aus! Sobald wie m\u00f6glich, werden wir einen Ersatztermin bekannt geben!<\/strong><\/p>\n<p>Vortrag \u00fcber die Verbindung zwischen Armut und Krankheit sowie den Auswirkungen von sozialer Benachteiligung auf die Gesundheit, um eine Diskussion \u00fcber die Problematik der aktuellen Gesundheitsversorgung anzusto\u00dfen und M\u00f6glichkeiten zur aktiven Ver\u00e4nderung der gesellschaftlichen Bedingungen f\u00fcr Gesundheit aufzuzeigen.<\/p>\n<p>Wo?<\/p>\n<p>Haus der Kulturen | Hagenweg 2E | 37081 G\u00f6ttingen<\/p>\n<p>(auf dem Weststadtfest)<\/p>\n<h3>Poliklinik &#8211; neue Gesundheitsversorgung f\u00fcr alle(s)<\/h3>\n<h6><strong>P<\/strong>atricia H\u00e4nel, Poliklinik-Syndikat<\/p>\n<\/h6>\n<h4>07.06.2024 | 19:30 Uhr<\/h4>\n<p>Unterst\u00fctzt von der Basisgruppe Medizin G\u00f6ttingen, untersuchen wir, wie Polikliniken komplexe bio-psychosoziale Gesundheitsfragen in solidarischer Praxis angehen. Es werden konkrete Ans\u00e4tze sowie alternative Organisations- und Tr\u00e4gerschaftsm\u00f6glichkeiten vorgestellt und die Idee der bundesweiten Vernetzung im Poliklinik-Syndikat diskutiert. Patricia H\u00e4nel vom\u00a0Gesundheitskollektiv Berlin wird Einblicke bieten.<\/p>\n<p>Wo?<\/p>\n<p>Caf\u00e9 Kollektiv Krawall | Geismar Landstr. 19 | 37083 G\u00f6ttingen<\/p>\n<h3>Warum ein Soziales Zentrum?<br \/>\nDie drei Initiativen in einer Podiumsdiskussion<\/h3>\n<p><strong>19.06.2024 | 19:30 Uhr<\/strong><\/p>\n<p>Vorstellung des Konzeptes eines Sozialen Zentrums in G\u00f6ttingen durch eine Podiumsdiskussion der drei Initiativen (Gesundheitskollektiv, die Falken und die Nachbarschaftsinitiative Waageplatz) unter der externen Moderation von Anne Mollenhauer (KAZ).<\/p>\n<p>Wo?<\/p>\n<p>Evangelisch-Reformierte Gemeinde G\u00f6ttingen |\u00a0<\/p>\n<p>Untere Karsp\u00fcle 11 | 37073 G\u00f6ttingen<\/p>\n","protected":false},"excerpt":{"rendered":"<p>Poliklinik &#8211; neue Gesundheitsversorgung f\u00fcr alle(s) Almut Schilling, Amanita Dietrich; Moderation: Rosina Rost (FAG\u00f6) 17.02.2025 | 18-19:30 Uhr Wir bitten um einen Solidarit\u00e4tsbeitrag von 5 &#8211; 20 EUR. Vielen Dank! Das G\u00f6ttinger Gesundheitskollektiv untersucht, wie Polikliniken komplexe bio-psychosoziale Gesundheitsfragen in solidarischer Praxis angehen. Es werden konkrete Ans\u00e4tze sowie m\u00f6gliche alternative Organisationsformen und Tr\u00e4gerschaften vorgestellt. Darauf &hellip; <\/p>\n<p class=\"link-more\"><a href=\"https:\/\/www.gesundheitskollektiv-goettingen.org\/?page_id=633\" class=\"more-link\"><span class=\"screen-reader-text\">\u201eBisherige Veranstaltungen\u201c<\/span> weiterlesen<\/a><\/p>\n","protected":false},"author":1,"featured_media":0,"parent":286,"menu_order":0,"comment_status":"closed","ping_status":"closed","template":"","meta":{"footnotes":""},"class_list":["post-633","page","type-page","status-publish","hentry","entry"],"yoast_head":"<!-- This site is optimized with the Yoast SEO plugin v27.5 - https:\/\/yoast.com\/product\/yoast-seo-wordpress\/ -->\n<title>Bisherige Veranstaltungen -<\/title>\n<meta name=\"robots\" content=\"index, follow, max-snippet:-1, max-image-preview:large, max-video-preview:-1\" \/>\n<link rel=\"canonical\" href=\"https:\/\/www.gesundheitskollektiv-goettingen.org\/?page_id=633\" \/>\n<meta property=\"og:locale\" content=\"de_DE\" \/>\n<meta property=\"og:type\" content=\"article\" \/>\n<meta property=\"og:title\" content=\"Bisherige Veranstaltungen -\" \/>\n<meta property=\"og:description\" content=\"Poliklinik &#8211; neue Gesundheitsversorgung f\u00fcr alle(s) Almut Schilling, Amanita Dietrich; Moderation: Rosina Rost (FAG\u00f6) 17.02.2025 | 18-19:30 Uhr Wir bitten um einen Solidarit\u00e4tsbeitrag von 5 &#8211; 20 EUR. Vielen Dank! Das G\u00f6ttinger Gesundheitskollektiv untersucht, wie Polikliniken komplexe bio-psychosoziale Gesundheitsfragen in solidarischer Praxis angehen. Es werden konkrete Ans\u00e4tze sowie m\u00f6gliche alternative Organisationsformen und Tr\u00e4gerschaften vorgestellt. Darauf &hellip; \u201eBisherige Veranstaltungen\u201c weiterlesen\" \/>\n<meta property=\"og:url\" content=\"https:\/\/www.gesundheitskollektiv-goettingen.org\/?page_id=633\" \/>\n<meta property=\"article:modified_time\" content=\"2026-04-11T13:00:30+00:00\" \/>\n<meta name=\"twitter:card\" content=\"summary_large_image\" \/>\n<meta name=\"twitter:label1\" content=\"Gesch\u00e4tzte Lesezeit\" \/>\n\t<meta name=\"twitter:data1\" content=\"2\u00a0Minuten\" \/>\n<script type=\"application\/ld+json\" class=\"yoast-schema-graph\">{\"@context\":\"https:\\\/\\\/schema.org\",\"@graph\":[{\"@type\":\"WebPage\",\"@id\":\"https:\\\/\\\/www.gesundheitskollektiv-goettingen.org\\\/?page_id=633\",\"url\":\"https:\\\/\\\/www.gesundheitskollektiv-goettingen.org\\\/?page_id=633\",\"name\":\"Bisherige Veranstaltungen -\",\"isPartOf\":{\"@id\":\"https:\\\/\\\/www.gesundheitskollektiv-goettingen.org\\\/#website\"},\"datePublished\":\"2024-05-16T21:00:48+00:00\",\"dateModified\":\"2026-04-11T13:00:30+00:00\",\"breadcrumb\":{\"@id\":\"https:\\\/\\\/www.gesundheitskollektiv-goettingen.org\\\/?page_id=633#breadcrumb\"},\"inLanguage\":\"de\",\"potentialAction\":[{\"@type\":\"ReadAction\",\"target\":[\"https:\\\/\\\/www.gesundheitskollektiv-goettingen.org\\\/?page_id=633\"]}]},{\"@type\":\"BreadcrumbList\",\"@id\":\"https:\\\/\\\/www.gesundheitskollektiv-goettingen.org\\\/?page_id=633#breadcrumb\",\"itemListElement\":[{\"@type\":\"ListItem\",\"position\":1,\"name\":\"Home\",\"item\":\"https:\\\/\\\/www.gesundheitskollektiv-goettingen.org\\\/\"},{\"@type\":\"ListItem\",\"position\":2,\"name\":\"Einblicke\",\"item\":\"https:\\\/\\\/www.gesundheitskollektiv-goettingen.org\\\/?page_id=286\"},{\"@type\":\"ListItem\",\"position\":3,\"name\":\"Bisherige Veranstaltungen\"}]},{\"@type\":\"WebSite\",\"@id\":\"https:\\\/\\\/www.gesundheitskollektiv-goettingen.org\\\/#website\",\"url\":\"https:\\\/\\\/www.gesundheitskollektiv-goettingen.org\\\/\",\"name\":\"Gesundheitskollektiv G\u00f6ttingen\",\"description\":\"\",\"publisher\":{\"@id\":\"https:\\\/\\\/www.gesundheitskollektiv-goettingen.org\\\/#organization\"},\"alternateName\":\"GeKo G\u00f6ttingen\",\"potentialAction\":[{\"@type\":\"SearchAction\",\"target\":{\"@type\":\"EntryPoint\",\"urlTemplate\":\"https:\\\/\\\/www.gesundheitskollektiv-goettingen.org\\\/?s={search_term_string}\"},\"query-input\":{\"@type\":\"PropertyValueSpecification\",\"valueRequired\":true,\"valueName\":\"search_term_string\"}}],\"inLanguage\":\"de\"},{\"@type\":\"Organization\",\"@id\":\"https:\\\/\\\/www.gesundheitskollektiv-goettingen.org\\\/#organization\",\"name\":\"Gesundheitskollektiv e.V.\",\"url\":\"https:\\\/\\\/www.gesundheitskollektiv-goettingen.org\\\/\",\"logo\":{\"@type\":\"ImageObject\",\"inLanguage\":\"de\",\"@id\":\"https:\\\/\\\/www.gesundheitskollektiv-goettingen.org\\\/#\\\/schema\\\/logo\\\/image\\\/\",\"url\":\"https:\\\/\\\/www.gesundheitskollektiv-goettingen.org\\\/wp-content\\\/uploads\\\/2023\\\/09\\\/cropped-cropped-cropped-GKG-Logo.png\",\"contentUrl\":\"https:\\\/\\\/www.gesundheitskollektiv-goettingen.org\\\/wp-content\\\/uploads\\\/2023\\\/09\\\/cropped-cropped-cropped-GKG-Logo.png\",\"width\":512,\"height\":512,\"caption\":\"Gesundheitskollektiv e.V.\"},\"image\":{\"@id\":\"https:\\\/\\\/www.gesundheitskollektiv-goettingen.org\\\/#\\\/schema\\\/logo\\\/image\\\/\"}}]}<\/script>\n<!-- \/ Yoast SEO plugin. -->","yoast_head_json":{"title":"Bisherige Veranstaltungen -","robots":{"index":"index","follow":"follow","max-snippet":"max-snippet:-1","max-image-preview":"max-image-preview:large","max-video-preview":"max-video-preview:-1"},"canonical":"https:\/\/www.gesundheitskollektiv-goettingen.org\/?page_id=633","og_locale":"de_DE","og_type":"article","og_title":"Bisherige Veranstaltungen -","og_description":"Poliklinik &#8211; neue Gesundheitsversorgung f\u00fcr alle(s) Almut Schilling, Amanita Dietrich; Moderation: Rosina Rost (FAG\u00f6) 17.02.2025 | 18-19:30 Uhr Wir bitten um einen Solidarit\u00e4tsbeitrag von 5 &#8211; 20 EUR. Vielen Dank! Das G\u00f6ttinger Gesundheitskollektiv untersucht, wie Polikliniken komplexe bio-psychosoziale Gesundheitsfragen in solidarischer Praxis angehen. Es werden konkrete Ans\u00e4tze sowie m\u00f6gliche alternative Organisationsformen und Tr\u00e4gerschaften vorgestellt. Darauf &hellip; \u201eBisherige Veranstaltungen\u201c weiterlesen","og_url":"https:\/\/www.gesundheitskollektiv-goettingen.org\/?page_id=633","article_modified_time":"2026-04-11T13:00:30+00:00","twitter_card":"summary_large_image","twitter_misc":{"Gesch\u00e4tzte Lesezeit":"2\u00a0Minuten"},"schema":{"@context":"https:\/\/schema.org","@graph":[{"@type":"WebPage","@id":"https:\/\/www.gesundheitskollektiv-goettingen.org\/?page_id=633","url":"https:\/\/www.gesundheitskollektiv-goettingen.org\/?page_id=633","name":"Bisherige Veranstaltungen -","isPartOf":{"@id":"https:\/\/www.gesundheitskollektiv-goettingen.org\/#website"},"datePublished":"2024-05-16T21:00:48+00:00","dateModified":"2026-04-11T13:00:30+00:00","breadcrumb":{"@id":"https:\/\/www.gesundheitskollektiv-goettingen.org\/?page_id=633#breadcrumb"},"inLanguage":"de","potentialAction":[{"@type":"ReadAction","target":["https:\/\/www.gesundheitskollektiv-goettingen.org\/?page_id=633"]}]},{"@type":"BreadcrumbList","@id":"https:\/\/www.gesundheitskollektiv-goettingen.org\/?page_id=633#breadcrumb","itemListElement":[{"@type":"ListItem","position":1,"name":"Home","item":"https:\/\/www.gesundheitskollektiv-goettingen.org\/"},{"@type":"ListItem","position":2,"name":"Einblicke","item":"https:\/\/www.gesundheitskollektiv-goettingen.org\/?page_id=286"},{"@type":"ListItem","position":3,"name":"Bisherige Veranstaltungen"}]},{"@type":"WebSite","@id":"https:\/\/www.gesundheitskollektiv-goettingen.org\/#website","url":"https:\/\/www.gesundheitskollektiv-goettingen.org\/","name":"Gesundheitskollektiv G\u00f6ttingen","description":"","publisher":{"@id":"https:\/\/www.gesundheitskollektiv-goettingen.org\/#organization"},"alternateName":"GeKo G\u00f6ttingen","potentialAction":[{"@type":"SearchAction","target":{"@type":"EntryPoint","urlTemplate":"https:\/\/www.gesundheitskollektiv-goettingen.org\/?s={search_term_string}"},"query-input":{"@type":"PropertyValueSpecification","valueRequired":true,"valueName":"search_term_string"}}],"inLanguage":"de"},{"@type":"Organization","@id":"https:\/\/www.gesundheitskollektiv-goettingen.org\/#organization","name":"Gesundheitskollektiv e.V.","url":"https:\/\/www.gesundheitskollektiv-goettingen.org\/","logo":{"@type":"ImageObject","inLanguage":"de","@id":"https:\/\/www.gesundheitskollektiv-goettingen.org\/#\/schema\/logo\/image\/","url":"https:\/\/www.gesundheitskollektiv-goettingen.org\/wp-content\/uploads\/2023\/09\/cropped-cropped-cropped-GKG-Logo.png","contentUrl":"https:\/\/www.gesundheitskollektiv-goettingen.org\/wp-content\/uploads\/2023\/09\/cropped-cropped-cropped-GKG-Logo.png","width":512,"height":512,"caption":"Gesundheitskollektiv e.V."},"image":{"@id":"https:\/\/www.gesundheitskollektiv-goettingen.org\/#\/schema\/logo\/image\/"}}]}},"_links":{"self":[{"href":"https:\/\/www.gesundheitskollektiv-goettingen.org\/index.php?rest_route=\/wp\/v2\/pages\/633","targetHints":{"allow":["GET"]}}],"collection":[{"href":"https:\/\/www.gesundheitskollektiv-goettingen.org\/index.php?rest_route=\/wp\/v2\/pages"}],"about":[{"href":"https:\/\/www.gesundheitskollektiv-goettingen.org\/index.php?rest_route=\/wp\/v2\/types\/page"}],"author":[{"embeddable":true,"href":"https:\/\/www.gesundheitskollektiv-goettingen.org\/index.php?rest_route=\/wp\/v2\/users\/1"}],"replies":[{"embeddable":true,"href":"https:\/\/www.gesundheitskollektiv-goettingen.org\/index.php?rest_route=%2Fwp%2Fv2%2Fcomments&post=633"}],"version-history":[{"count":18,"href":"https:\/\/www.gesundheitskollektiv-goettingen.org\/index.php?rest_route=\/wp\/v2\/pages\/633\/revisions"}],"predecessor-version":[{"id":861,"href":"https:\/\/www.gesundheitskollektiv-goettingen.org\/index.php?rest_route=\/wp\/v2\/pages\/633\/revisions\/861"}],"up":[{"embeddable":true,"href":"https:\/\/www.gesundheitskollektiv-goettingen.org\/index.php?rest_route=\/wp\/v2\/pages\/286"}],"wp:attachment":[{"href":"https:\/\/www.gesundheitskollektiv-goettingen.org\/index.php?rest_route=%2Fwp%2Fv2%2Fmedia&parent=633"}],"curies":[{"name":"wp","href":"https:\/\/api.w.org\/{rel}","templated":true}]}}