{"id":32,"date":"2022-01-31T17:21:16","date_gmt":"2022-01-31T16:21:16","guid":{"rendered":"https:\/\/www.gesundheitskollektiv-goettingen.org\/?page_id=32"},"modified":"2026-04-12T14:36:14","modified_gmt":"2026-04-12T12:36:14","slug":"ueber-uns","status":"publish","type":"page","link":"https:\/\/www.gesundheitskollektiv-goettingen.org\/?page_id=32","title":{"rendered":"\u00dcber uns"},"content":{"rendered":"\t\t<div data-elementor-type=\"wp-page\" data-elementor-id=\"32\" class=\"elementor elementor-32\" data-elementor-post-type=\"page\">\n\t\t\t\t\t\t<section class=\"elementor-section elementor-top-section elementor-element elementor-element-bf04ffc elementor-section-boxed elementor-section-height-default elementor-section-height-default\" data-id=\"bf04ffc\" data-element_type=\"section\" data-e-type=\"section\">\n\t\t\t\t\t\t<div class=\"elementor-container elementor-column-gap-default\">\n\t\t\t\t\t<div class=\"elementor-column elementor-col-100 elementor-top-column elementor-element elementor-element-15c3985\" data-id=\"15c3985\" data-element_type=\"column\" data-e-type=\"column\">\n\t\t\t<div class=\"elementor-widget-wrap elementor-element-populated\">\n\t\t\t\t\t\t<div class=\"elementor-element elementor-element-24aadb3 elementor-widget__width-initial elementor-widget elementor-widget-text-editor\" data-id=\"24aadb3\" data-element_type=\"widget\" data-e-type=\"widget\" data-widget_type=\"text-editor.default\">\n\t\t\t\t<div class=\"elementor-widget-container\">\n\t\t\t\t\t\t\t\t\t<h4 style=\"text-align: left;\"><span style=\"color: #841b9e;\"><strong>Wir wollen einen Ort schaffen, an de<span style=\"color: #841b9e;\">m Gesundheit im weiteren Sinn das Ziel ist.<\/span><\/strong><\/span><\/h4><p>Wir sind eine Gruppe von Menschen mit unterschiedlichen beruflichen Hintergr\u00fcnden, momentan aus dem Bereich der Pflege, Medizin, Psychologie und der Sozialen Arbeit. Unser Ziel ist es, ein solidarisches Gesundheitszentrum in G\u00f6ttingen aufzubauen, das eine Alternative zu den \u00f6konomisierten Gesundheitsangeboten darstellt. Dieses Zentrum soll f\u00fcr alle Menschen in G\u00f6ttingen und Umgebung offen sein, unabh\u00e4ngig von ihrem jeweiligen Versicherungsstatus, der Komplexit\u00e4t des Versorgungsbedarfs und der Diversit\u00e4t der jeweiligen Lebensverh\u00e4ltnisse.<\/p><h4 style=\"text-align: left;\"><span style=\"color: #841b9e;\"><strong>Multiprofessionell und interdiziplin\u00e4r<\/strong><\/span><\/h4><p>Mit unserem Angebot richten wir uns in erster Linie an Menschen, die beispielsweise aus Unkenntnis \u00fcber die Versorgungsangebote, aus Misstrauen innerhalb der bestehenden Gesundheitsversorgung nur schlecht erreicht werden oder sich auch in den bestehenden Versorgungsstrukturen mit ihren individuellen Belangen nicht gen\u00fcgend aufgehoben f\u00fchlen. Wir werden ein interprofessionelles\u00a0 Behandlungs- und Beratungsangebot aufbauen, in dem ein lebendiger Austausch, sowie eine gegenseitige Unterst\u00fctzung unter den Professionen die Praxis sein wird.<\/p><h4><span style=\"color: #841b9e;\"><strong>Individuelle Problemlagen erkennen<\/strong><\/span><\/h4><p style=\"text-align: left;\">Unser Verst\u00e4ndnis von Gesundheit orientiert sich nicht allein an medizinischen Fragestellungen, wir sehen Gesundheit auch unter sozialmedizinischen und psychsozialen Aspekten. Das bedeutet, dass wir die einzelnen Menschen mit ihren individuellen Problemlagen im Zusammenspiel der sie bestimmenden gesellschaftlichen Strukturen und mit ihren sehr diversen Heilungs- und L\u00f6sungswegen sehen.<\/p><p>In unserer Arbeit orientieren wir uns an den Bed\u00fcrfnissen der Menschen, die das Gesundheitszentrum aufsuchen.<\/p><h4><strong><span style=\"color: #841b9e;\">Austausch, Selbstorganisation und Verbesserung der Lebensverh\u00e4ltnisse<\/span><\/strong><\/h4><p>Neben der Beratung und Behandlung der Menschen, die sich an uns wenden, wird ein Raum geboten f\u00fcr gegenseitigen Austausch und Unterst\u00fctzung sowie f\u00fcr die konkrete Umsetzung von W\u00fcnschen und Ideen zur Verbesserung der Lebensverh\u00e4ltnisse und zur Selbstorganisierung.<\/p><h4><strong><span style=\"color: #841b9e;\">Gemeinschaftlich und vernetzt<\/span><\/strong><\/h4><p>So wird neben einer reinen Krankenversorgung die gemeinsame Entwicklung einer Vorsorgepraxis und die Vernetzung mit anderen sozialen und gesundheitlichen Angeboten in der Stadt erm\u00f6glicht.<\/p><h4><strong><span style=\"color: #841b9e;\">Hierarchiefrei und Solidarisch<\/span><\/strong><\/h4><p>Als Kollektiv ist es uns wichtig hierarchiefrei, interprofessionell und von einander lernend zusammzuarbeiten. F\u00fcr eine St\u00e4dte\u00fcbergreifenende Vernetzung werden wir uns dem Poliklinik Syndikat anschlie\u00dfen, indem sich \u00e4hnliche Projekte in verschiedenen St\u00e4dten zusammenschlie\u00dfen und gemeinsam f\u00fcr das Ziel Gesundheit f\u00fcr Alle eintreten.<\/p>\t\t\t\t\t\t\t\t<\/div>\n\t\t\t\t<\/div>\n\t\t\t\t\t<\/div>\n\t\t<\/div>\n\t\t\t\t\t<\/div>\n\t\t<\/section>\n\t\t\t\t<\/div>\n\t\t","protected":false},"excerpt":{"rendered":"<p>Wir wollen einen Ort schaffen, an dem Gesundheit im weiteren Sinn das Ziel ist. Wir sind eine Gruppe von Menschen mit unterschiedlichen beruflichen Hintergr\u00fcnden, momentan aus dem Bereich der Pflege, Medizin, Psychologie und der Sozialen Arbeit. Unser Ziel ist es, ein solidarisches Gesundheitszentrum in G\u00f6ttingen aufzubauen, das eine Alternative zu den \u00f6konomisierten Gesundheitsangeboten darstellt. Dieses &hellip; <\/p>\n<p class=\"link-more\"><a href=\"https:\/\/www.gesundheitskollektiv-goettingen.org\/?page_id=32\" class=\"more-link\"><span class=\"screen-reader-text\">\u201e\u00dcber uns\u201c<\/span> weiterlesen<\/a><\/p>\n","protected":false},"author":1,"featured_media":0,"parent":0,"menu_order":0,"comment_status":"closed","ping_status":"closed","template":"","meta":{"footnotes":""},"class_list":["post-32","page","type-page","status-publish","hentry","entry"],"yoast_head":"<!-- This site is optimized with the Yoast SEO plugin v27.5 - https:\/\/yoast.com\/product\/yoast-seo-wordpress\/ -->\n<title>\u00dcber uns -<\/title>\n<meta name=\"robots\" content=\"index, follow, max-snippet:-1, max-image-preview:large, max-video-preview:-1\" \/>\n<link rel=\"canonical\" href=\"https:\/\/www.gesundheitskollektiv-goettingen.org\/?page_id=32\" \/>\n<meta property=\"og:locale\" content=\"de_DE\" \/>\n<meta property=\"og:type\" content=\"article\" \/>\n<meta property=\"og:title\" content=\"\u00dcber uns -\" \/>\n<meta property=\"og:description\" content=\"Wir wollen einen Ort schaffen, an dem Gesundheit im weiteren Sinn das Ziel ist. Wir sind eine Gruppe von Menschen mit unterschiedlichen beruflichen Hintergr\u00fcnden, momentan aus dem Bereich der Pflege, Medizin, Psychologie und der Sozialen Arbeit. Unser Ziel ist es, ein solidarisches Gesundheitszentrum in G\u00f6ttingen aufzubauen, das eine Alternative zu den \u00f6konomisierten Gesundheitsangeboten darstellt. Dieses &hellip; \u201e\u00dcber uns\u201c weiterlesen\" \/>\n<meta property=\"og:url\" content=\"https:\/\/www.gesundheitskollektiv-goettingen.org\/?page_id=32\" \/>\n<meta property=\"article:modified_time\" content=\"2026-04-12T12:36:14+00:00\" \/>\n<meta name=\"twitter:card\" content=\"summary_large_image\" \/>\n<meta name=\"twitter:label1\" content=\"Gesch\u00e4tzte Lesezeit\" \/>\n\t<meta name=\"twitter:data1\" content=\"2\u00a0Minuten\" \/>\n<script type=\"application\/ld+json\" class=\"yoast-schema-graph\">{\"@context\":\"https:\\\/\\\/schema.org\",\"@graph\":[{\"@type\":\"WebPage\",\"@id\":\"https:\\\/\\\/www.gesundheitskollektiv-goettingen.org\\\/?page_id=32\",\"url\":\"https:\\\/\\\/www.gesundheitskollektiv-goettingen.org\\\/?page_id=32\",\"name\":\"\u00dcber uns -\",\"isPartOf\":{\"@id\":\"https:\\\/\\\/www.gesundheitskollektiv-goettingen.org\\\/#website\"},\"datePublished\":\"2022-01-31T16:21:16+00:00\",\"dateModified\":\"2026-04-12T12:36:14+00:00\",\"breadcrumb\":{\"@id\":\"https:\\\/\\\/www.gesundheitskollektiv-goettingen.org\\\/?page_id=32#breadcrumb\"},\"inLanguage\":\"de\",\"potentialAction\":[{\"@type\":\"ReadAction\",\"target\":[\"https:\\\/\\\/www.gesundheitskollektiv-goettingen.org\\\/?page_id=32\"]}]},{\"@type\":\"BreadcrumbList\",\"@id\":\"https:\\\/\\\/www.gesundheitskollektiv-goettingen.org\\\/?page_id=32#breadcrumb\",\"itemListElement\":[{\"@type\":\"ListItem\",\"position\":1,\"name\":\"Home\",\"item\":\"https:\\\/\\\/www.gesundheitskollektiv-goettingen.org\\\/\"},{\"@type\":\"ListItem\",\"position\":2,\"name\":\"\u00dcber uns\"}]},{\"@type\":\"WebSite\",\"@id\":\"https:\\\/\\\/www.gesundheitskollektiv-goettingen.org\\\/#website\",\"url\":\"https:\\\/\\\/www.gesundheitskollektiv-goettingen.org\\\/\",\"name\":\"Gesundheitskollektiv G\u00f6ttingen\",\"description\":\"\",\"publisher\":{\"@id\":\"https:\\\/\\\/www.gesundheitskollektiv-goettingen.org\\\/#organization\"},\"alternateName\":\"GeKo G\u00f6ttingen\",\"potentialAction\":[{\"@type\":\"SearchAction\",\"target\":{\"@type\":\"EntryPoint\",\"urlTemplate\":\"https:\\\/\\\/www.gesundheitskollektiv-goettingen.org\\\/?s={search_term_string}\"},\"query-input\":{\"@type\":\"PropertyValueSpecification\",\"valueRequired\":true,\"valueName\":\"search_term_string\"}}],\"inLanguage\":\"de\"},{\"@type\":\"Organization\",\"@id\":\"https:\\\/\\\/www.gesundheitskollektiv-goettingen.org\\\/#organization\",\"name\":\"Gesundheitskollektiv e.V.\",\"url\":\"https:\\\/\\\/www.gesundheitskollektiv-goettingen.org\\\/\",\"logo\":{\"@type\":\"ImageObject\",\"inLanguage\":\"de\",\"@id\":\"https:\\\/\\\/www.gesundheitskollektiv-goettingen.org\\\/#\\\/schema\\\/logo\\\/image\\\/\",\"url\":\"https:\\\/\\\/www.gesundheitskollektiv-goettingen.org\\\/wp-content\\\/uploads\\\/2023\\\/09\\\/cropped-cropped-cropped-GKG-Logo.png\",\"contentUrl\":\"https:\\\/\\\/www.gesundheitskollektiv-goettingen.org\\\/wp-content\\\/uploads\\\/2023\\\/09\\\/cropped-cropped-cropped-GKG-Logo.png\",\"width\":512,\"height\":512,\"caption\":\"Gesundheitskollektiv e.V.\"},\"image\":{\"@id\":\"https:\\\/\\\/www.gesundheitskollektiv-goettingen.org\\\/#\\\/schema\\\/logo\\\/image\\\/\"}}]}<\/script>\n<!-- \/ Yoast SEO plugin. -->","yoast_head_json":{"title":"\u00dcber uns -","robots":{"index":"index","follow":"follow","max-snippet":"max-snippet:-1","max-image-preview":"max-image-preview:large","max-video-preview":"max-video-preview:-1"},"canonical":"https:\/\/www.gesundheitskollektiv-goettingen.org\/?page_id=32","og_locale":"de_DE","og_type":"article","og_title":"\u00dcber uns -","og_description":"Wir wollen einen Ort schaffen, an dem Gesundheit im weiteren Sinn das Ziel ist. Wir sind eine Gruppe von Menschen mit unterschiedlichen beruflichen Hintergr\u00fcnden, momentan aus dem Bereich der Pflege, Medizin, Psychologie und der Sozialen Arbeit. Unser Ziel ist es, ein solidarisches Gesundheitszentrum in G\u00f6ttingen aufzubauen, das eine Alternative zu den \u00f6konomisierten Gesundheitsangeboten darstellt. Dieses &hellip; \u201e\u00dcber uns\u201c weiterlesen","og_url":"https:\/\/www.gesundheitskollektiv-goettingen.org\/?page_id=32","article_modified_time":"2026-04-12T12:36:14+00:00","twitter_card":"summary_large_image","twitter_misc":{"Gesch\u00e4tzte Lesezeit":"2\u00a0Minuten"},"schema":{"@context":"https:\/\/schema.org","@graph":[{"@type":"WebPage","@id":"https:\/\/www.gesundheitskollektiv-goettingen.org\/?page_id=32","url":"https:\/\/www.gesundheitskollektiv-goettingen.org\/?page_id=32","name":"\u00dcber uns -","isPartOf":{"@id":"https:\/\/www.gesundheitskollektiv-goettingen.org\/#website"},"datePublished":"2022-01-31T16:21:16+00:00","dateModified":"2026-04-12T12:36:14+00:00","breadcrumb":{"@id":"https:\/\/www.gesundheitskollektiv-goettingen.org\/?page_id=32#breadcrumb"},"inLanguage":"de","potentialAction":[{"@type":"ReadAction","target":["https:\/\/www.gesundheitskollektiv-goettingen.org\/?page_id=32"]}]},{"@type":"BreadcrumbList","@id":"https:\/\/www.gesundheitskollektiv-goettingen.org\/?page_id=32#breadcrumb","itemListElement":[{"@type":"ListItem","position":1,"name":"Home","item":"https:\/\/www.gesundheitskollektiv-goettingen.org\/"},{"@type":"ListItem","position":2,"name":"\u00dcber uns"}]},{"@type":"WebSite","@id":"https:\/\/www.gesundheitskollektiv-goettingen.org\/#website","url":"https:\/\/www.gesundheitskollektiv-goettingen.org\/","name":"Gesundheitskollektiv G\u00f6ttingen","description":"","publisher":{"@id":"https:\/\/www.gesundheitskollektiv-goettingen.org\/#organization"},"alternateName":"GeKo G\u00f6ttingen","potentialAction":[{"@type":"SearchAction","target":{"@type":"EntryPoint","urlTemplate":"https:\/\/www.gesundheitskollektiv-goettingen.org\/?s={search_term_string}"},"query-input":{"@type":"PropertyValueSpecification","valueRequired":true,"valueName":"search_term_string"}}],"inLanguage":"de"},{"@type":"Organization","@id":"https:\/\/www.gesundheitskollektiv-goettingen.org\/#organization","name":"Gesundheitskollektiv e.V.","url":"https:\/\/www.gesundheitskollektiv-goettingen.org\/","logo":{"@type":"ImageObject","inLanguage":"de","@id":"https:\/\/www.gesundheitskollektiv-goettingen.org\/#\/schema\/logo\/image\/","url":"https:\/\/www.gesundheitskollektiv-goettingen.org\/wp-content\/uploads\/2023\/09\/cropped-cropped-cropped-GKG-Logo.png","contentUrl":"https:\/\/www.gesundheitskollektiv-goettingen.org\/wp-content\/uploads\/2023\/09\/cropped-cropped-cropped-GKG-Logo.png","width":512,"height":512,"caption":"Gesundheitskollektiv e.V."},"image":{"@id":"https:\/\/www.gesundheitskollektiv-goettingen.org\/#\/schema\/logo\/image\/"}}]}},"_links":{"self":[{"href":"https:\/\/www.gesundheitskollektiv-goettingen.org\/index.php?rest_route=\/wp\/v2\/pages\/32","targetHints":{"allow":["GET"]}}],"collection":[{"href":"https:\/\/www.gesundheitskollektiv-goettingen.org\/index.php?rest_route=\/wp\/v2\/pages"}],"about":[{"href":"https:\/\/www.gesundheitskollektiv-goettingen.org\/index.php?rest_route=\/wp\/v2\/types\/page"}],"author":[{"embeddable":true,"href":"https:\/\/www.gesundheitskollektiv-goettingen.org\/index.php?rest_route=\/wp\/v2\/users\/1"}],"replies":[{"embeddable":true,"href":"https:\/\/www.gesundheitskollektiv-goettingen.org\/index.php?rest_route=%2Fwp%2Fv2%2Fcomments&post=32"}],"version-history":[{"count":64,"href":"https:\/\/www.gesundheitskollektiv-goettingen.org\/index.php?rest_route=\/wp\/v2\/pages\/32\/revisions"}],"predecessor-version":[{"id":978,"href":"https:\/\/www.gesundheitskollektiv-goettingen.org\/index.php?rest_route=\/wp\/v2\/pages\/32\/revisions\/978"}],"wp:attachment":[{"href":"https:\/\/www.gesundheitskollektiv-goettingen.org\/index.php?rest_route=%2Fwp%2Fv2%2Fmedia&parent=32"}],"curies":[{"name":"wp","href":"https:\/\/api.w.org\/{rel}","templated":true}]}}